{"version":"1.0","provider_name":"Klaus Kunze","provider_url":"https:\/\/klauskunze.com\/blog","author_name":"Klaus Kunze","author_url":"https:\/\/klauskunze.com\/blog\/author\/klaus-kunze\/","title":"Antifaschistisch vernagelte K\u00f6pfe - Klaus Kunze","type":"rich","width":600,"height":338,"html":"<blockquote class=\"wp-embedded-content\" data-secret=\"Mnm3xXUpRF\"><a href=\"https:\/\/klauskunze.com\/blog\/2019\/10\/31\/vernagelte-koepfe\/\">Antifaschistisch vernagelte K\u00f6pfe<\/a><\/blockquote><iframe sandbox=\"allow-scripts\" security=\"restricted\" src=\"https:\/\/klauskunze.com\/blog\/2019\/10\/31\/vernagelte-koepfe\/embed\/#?secret=Mnm3xXUpRF\" width=\"600\" height=\"338\" title=\"&#8222;Antifaschistisch vernagelte K\u00f6pfe&#8220; &#8211; Klaus Kunze\" data-secret=\"Mnm3xXUpRF\" frameborder=\"0\" marginwidth=\"0\" marginheight=\"0\" scrolling=\"no\" class=\"wp-embedded-content\"><\/iframe><script type=\"text\/javascript\">\n\/* <![CDATA[ *\/\n\/*! This file is auto-generated *\/\n!function(d,l){\"use strict\";l.querySelector&&d.addEventListener&&\"undefined\"!=typeof URL&&(d.wp=d.wp||{},d.wp.receiveEmbedMessage||(d.wp.receiveEmbedMessage=function(e){var t=e.data;if((t||t.secret||t.message||t.value)&&!\/[^a-zA-Z0-9]\/.test(t.secret)){for(var s,r,n,a=l.querySelectorAll('iframe[data-secret=\"'+t.secret+'\"]'),o=l.querySelectorAll('blockquote[data-secret=\"'+t.secret+'\"]'),c=new RegExp(\"^https?:$\",\"i\"),i=0;i<o.length;i++)o[i].style.display=\"none\";for(i=0;i<a.length;i++)s=a[i],e.source===s.contentWindow&&(s.removeAttribute(\"style\"),\"height\"===t.message?(1e3<(r=parseInt(t.value,10))?r=1e3:~~r<200&&(r=200),s.height=r):\"link\"===t.message&&(r=new URL(s.getAttribute(\"src\")),n=new URL(t.value),c.test(n.protocol))&&n.host===r.host&&l.activeElement===s&&(d.top.location.href=t.value))}},d.addEventListener(\"message\",d.wp.receiveEmbedMessage,!1),l.addEventListener(\"DOMContentLoaded\",function(){for(var e,t,s=l.querySelectorAll(\"iframe.wp-embedded-content\"),r=0;r<s.length;r++)(t=(e=s[r]).getAttribute(\"data-secret\"))||(t=Math.random().toString(36).substring(2,12),e.src+=\"#?secret=\"+t,e.setAttribute(\"data-secret\",t)),e.contentWindow.postMessage({message:\"ready\",secret:t},\"*\")},!1)))}(window,document);\n\/\/# sourceURL=https:\/\/klauskunze.com\/blog\/wp-includes\/js\/wp-embed.min.js\n\/* ]]> *\/\n<\/script>\n","thumbnail_url":"https:\/\/klauskunze.com\/blog\/wp-content\/uploads\/2019\/10\/0_biga.jpg","thumbnail_width":505,"thumbnail_height":225,"description":"Man kann sich bem\u00fchen, kosmisch zu denken. F\u00fcr solche Denker sind wir Menschen nur Zigeuner am Rande des Universums, kosmische Eintagsfliegen gewisserma\u00dfen. Werden wir unseren Planeten jemals verlassen k\u00f6nnen? Da\u00df wir ihn gerade in einen \u00fcberv\u00f6lkerten, w\u00fcsten M\u00fcllhaufen verwandeln, w\u00e4re Anla\u00df genug. Raumfahrt tut not! Der Mensch wei\u00df nun, da\u00df er seinen Platz wie ein [&hellip;]"}