{"version":"1.0","provider_name":"Klaus Kunze","provider_url":"https:\/\/klauskunze.com\/blog","author_name":"Klaus Kunze","author_url":"https:\/\/klauskunze.com\/blog\/author\/klaus-kunze\/","title":"Peinliche Verwandte: rechte und linke Identit\u00e4tspolitiker - Klaus Kunze","type":"rich","width":600,"height":338,"html":"<blockquote class=\"wp-embedded-content\" data-secret=\"PcRUrYQwRV\"><a href=\"https:\/\/klauskunze.com\/blog\/2021\/03\/23\/peinliche-verwandte-rechte-und-linke-identitaetspolitiker\/\">Peinliche Verwandte:  rechte und linke Identit\u00e4tspolitiker<\/a><\/blockquote><iframe sandbox=\"allow-scripts\" security=\"restricted\" src=\"https:\/\/klauskunze.com\/blog\/2021\/03\/23\/peinliche-verwandte-rechte-und-linke-identitaetspolitiker\/embed\/#?secret=PcRUrYQwRV\" width=\"600\" height=\"338\" title=\"&#8222;Peinliche Verwandte:  rechte und linke Identit\u00e4tspolitiker&#8220; &#8211; Klaus Kunze\" data-secret=\"PcRUrYQwRV\" frameborder=\"0\" marginwidth=\"0\" marginheight=\"0\" scrolling=\"no\" class=\"wp-embedded-content\"><\/iframe><script type=\"text\/javascript\">\n\/* <![CDATA[ *\/\n\/*! This file is auto-generated *\/\n!function(d,l){\"use strict\";l.querySelector&&d.addEventListener&&\"undefined\"!=typeof URL&&(d.wp=d.wp||{},d.wp.receiveEmbedMessage||(d.wp.receiveEmbedMessage=function(e){var t=e.data;if((t||t.secret||t.message||t.value)&&!\/[^a-zA-Z0-9]\/.test(t.secret)){for(var s,r,n,a=l.querySelectorAll('iframe[data-secret=\"'+t.secret+'\"]'),o=l.querySelectorAll('blockquote[data-secret=\"'+t.secret+'\"]'),c=new RegExp(\"^https?:$\",\"i\"),i=0;i<o.length;i++)o[i].style.display=\"none\";for(i=0;i<a.length;i++)s=a[i],e.source===s.contentWindow&&(s.removeAttribute(\"style\"),\"height\"===t.message?(1e3<(r=parseInt(t.value,10))?r=1e3:~~r<200&&(r=200),s.height=r):\"link\"===t.message&&(r=new URL(s.getAttribute(\"src\")),n=new URL(t.value),c.test(n.protocol))&&n.host===r.host&&l.activeElement===s&&(d.top.location.href=t.value))}},d.addEventListener(\"message\",d.wp.receiveEmbedMessage,!1),l.addEventListener(\"DOMContentLoaded\",function(){for(var e,t,s=l.querySelectorAll(\"iframe.wp-embedded-content\"),r=0;r<s.length;r++)(t=(e=s[r]).getAttribute(\"data-secret\"))||(t=Math.random().toString(36).substring(2,12),e.src+=\"#?secret=\"+t,e.setAttribute(\"data-secret\",t)),e.contentWindow.postMessage({message:\"ready\",secret:t},\"*\")},!1)))}(window,document);\n\/\/# sourceURL=https:\/\/klauskunze.com\/blog\/wp-includes\/js\/wp-embed.min.js\n\/* ]]> *\/\n<\/script>\n","thumbnail_url":"https:\/\/klauskunze.com\/blog\/wp-content\/uploads\/2021\/03\/2020-11-30-2-LG-Aachen-a-scaled.jpg","thumbnail_width":2560,"thumbnail_height":1673,"description":"Identit\u00e4t &#8211; ein Zauberwort Identit\u00e4t ist in aller Munde. Wer sein Gef\u00fchl f\u00fcr seine Identit\u00e4t verliert, ist ein Fall f\u00fcr den Psychiater. Wer seine Identit\u00e4t aber auch aus ethnischen Merkmalen bildet, die er mit anderen Menschen gemeinsam hat, wird leicht zum Fall f\u00fcr den Verfassungsschutz. Der ehemalige Verfassungsschutzpr\u00e4sident Hans-Georg Maa\u00dfen sagte dieser Tage in einem [&hellip;]"}